{"id":4707,"date":"2020-10-26T09:45:34","date_gmt":"2020-10-26T09:45:34","guid":{"rendered":"http:\/\/weland.com\/?page_id=4707"},"modified":"2026-02-11T09:59:45","modified_gmt":"2026-02-11T09:59:45","slug":"kvalitet-miljo","status":"publish","type":"page","link":"https:\/\/www.weland.com\/sv\/foretaget\/kvalitet-miljo\/","title":{"rendered":"Kvalitet &#038; milj\u00f6"},"content":{"rendered":"\n<div class=\"wp-block-cover alignfull is-light has-custom-content-position is-position-bottom-left\"><img loading=\"lazy\" decoding=\"async\" width=\"2000\" height=\"800\" class=\"wp-block-cover__image-background wp-image-4708\" alt=\"Kvalitet och milj\u00f6\" src=\"https:\/\/www.weland.com\/wp-content\/uploads\/2020\/10\/top_image-73a0466.jpg\" data-object-fit=\"cover\" srcset=\"https:\/\/www.weland.com\/wp-content\/uploads\/2020\/10\/top_image-73a0466.jpg 2000w, https:\/\/www.weland.com\/wp-content\/uploads\/2020\/10\/top_image-73a0466-300x120.jpg 300w, https:\/\/www.weland.com\/wp-content\/uploads\/2020\/10\/top_image-73a0466-1024x410.jpg 1024w, https:\/\/www.weland.com\/wp-content\/uploads\/2020\/10\/top_image-73a0466-768x307.jpg 768w, https:\/\/www.weland.com\/wp-content\/uploads\/2020\/10\/top_image-73a0466-1536x614.jpg 1536w, https:\/\/www.weland.com\/wp-content\/uploads\/2020\/10\/top_image-73a0466-1568x627.jpg 1568w\" sizes=\"auto, (max-width: 2000px) 100vw, 2000px\" \/><span aria-hidden=\"true\" class=\"wp-block-cover__background has-background-dim-0 has-background-dim\"><\/span><div class=\"wp-block-cover__inner-container is-layout-flow wp-block-cover-is-layout-flow\">\n<div class=\"wp-block-group has-grev-rgba-background-color has-background\"><div class=\"wp-block-group__inner-container is-layout-flow wp-block-group-is-layout-flow\">\n<h2 class=\"wp-block-heading has-black-color has-text-color\">KVALITET &amp; MILJ\u00d6<\/h2>\n\n\n\n<p class=\"has-black-color has-text-color\">Kvalitet, erfarenhet, kunnande och milj\u00f6t\u00e4nk har st\u00e4rkt v\u00e5r verksamhet och gjort oss framg\u00e5ngsrika. Med starkt h\u00e5llbarhetsfokus och egen rationell tillverkning ska kunden se oss som en l\u00e5ngsiktig och milj\u00f6v\u00e4nlig leverant\u00f6r.<\/p>\n<\/div><\/div>\n<\/div><\/div>\n\n\n        <div class=\"container page-breadcrumb\">\n            <div class=\"row\">\n                <div class=\"col-sm-12\" style=\"padding-left: 0\">\n                    <nav aria-label=\"breadcrumb\">\n                        <ol class=\"breadcrumb\">\n                            <li class=\"breadcrumb-item\">\n                                <a href=\"https:\/\/www.weland.com\/sv\/\">Startsida<\/a>\n                            <\/li>\n                              \n                                                            <li class=\"breadcrumb-item AA\">\n                                    <a href=\"https:\/\/www.weland.com\/sv\/foretaget\/\">\n                                        F\u00f6retaget                                    <\/a>\n                                <\/li>\n                                <li class=\"breadcrumb-item active\" aria-current=\"page\">\n                                    Kvalitet &#038; milj\u00f6                                <\/li>\n                                                    <\/ol>\n                    <\/nav>\n                <\/div>\n            <\/div>\n        <\/div>\n\n        \n\n\n<div class=\"wp-block-group alignwide hide-on-desktop\"><div class=\"wp-block-group__inner-container is-layout-flow wp-block-group-is-layout-flow\">\n<h1 class=\"wp-block-heading\">Kvalitet &amp; milj\u00f6 <\/h1>\n\n\n\n<p>Kvalitet, erfarenhet, kunnande och milj\u00f6t\u00e4nk har st\u00e4rkt v\u00e5r verksamhet och gjort oss framg\u00e5ngsrika. Med starkt h\u00e5llbarhetsfokus och egen rationell tillverkning ska kunden se oss som en l\u00e5ngsiktig och milj\u00f6v\u00e4nlig leverant\u00f6r.<\/p>\n\n\n\n<hr class=\"wp-block-separator has-css-opacity is-style-wide\"\/>\n<\/div><\/div>\n\n\n\n<div class=\"wp-block-columns alignwide is-layout-flex wp-container-core-columns-is-layout-9d6595d7 wp-block-columns-is-layout-flex\">\n<div class=\"wp-block-column is-layout-flow wp-block-column-is-layout-flow\" style=\"flex-basis:23%\">                            <div id=\"sidenav\">\n                <ul class=\"\">\n                                            <li class=\"\">\n                            <a href=\"https:\/\/www.weland.com\/sv\/foretaget\/kvalitet-miljo\/\" class=\"text-uppercase\">\n                                Kvalitet &#038; milj\u00f6                            <\/a>\n                        <\/li>\n                                            <li class=\"\">\n                            <a href=\"https:\/\/www.weland.com\/sv\/foretaget\/hallbarhet\/\" class=\"text-uppercase\">\n                                H\u00e5llbarhet                            <\/a>\n                        <\/li>\n                                            <li class=\"\">\n                            <a href=\"https:\/\/www.weland.com\/sv\/foretaget\/koncernen\/\" class=\"text-uppercase\">\n                                Koncernen                            <\/a>\n                        <\/li>\n                                            <li class=\"\">\n                            <a href=\"https:\/\/www.weland.com\/sv\/foretaget\/nyheter\/\" class=\"text-uppercase\">\n                                Nyheter &#8211; Referenser                            <\/a>\n                        <\/li>\n                                            <li class=\"\">\n                            <a href=\"https:\/\/www.weland.com\/sv\/foretaget\/massor\/\" class=\"text-uppercase\">\n                                M\u00e4ssor                            <\/a>\n                        <\/li>\n                                            <li class=\"\">\n                            <a href=\"https:\/\/www.weland.com\/sv\/foretaget\/integritetspolicy\/\" class=\"text-uppercase\">\n                                Integritetspolicy                            <\/a>\n                        <\/li>\n                                    <\/ul>\n            <\/div>\n                \n\n\n<p><\/p>\n<\/div>\n\n\n\n<div class=\"wp-block-column is-layout-flow wp-block-column-is-layout-flow\" style=\"flex-basis:73%\">\n<p>Weland st\u00e5r f\u00f6r svenskt, innovativt och h\u00e5llbart. Vi utvecklar l\u00f6sningar och produkter som vi vill ska leva l\u00e4nge \u2013 g\u00e4rna \u00f6ver flera generationer. Hos oss kombinerar vi kunskap och m\u00e5ng\u00e5rig erfarenhet med en yrkesstolthet som vi b\u00e4r med oss i allt vi g\u00f6r. Att all v\u00e5r tillverkning sker i Sverige \u00e4r en sj\u00e4lvklarhet f\u00f6r oss. Vi anser att svenska produkter och pl\u00e5tbearbetning p\u00e5 svensk marknad b\u00e5de \u00e4r ett bra milj\u00f6val och en garanti f\u00f6r h\u00f6g kvalitet. V\u00e5r grundl\u00e4ggande hush\u00e5llsprincip d\u00e4r vi anv\u00e4nder resurser p\u00e5 ett effektivt vis och \u00e5tervinner allt som \u00e4r m\u00f6jligt har vi med oss varje dag p\u00e5 jobbet. Den kombinerar vi med v\u00e5rt offensiva framtids-t\u00e4nk d\u00e4r v\u00e5r investeringstakt i nya maskiner \u00e4r h\u00f6g och bidrar till en effektiv, innovativ och h\u00e5llbar produktion \u00f6ver tid. <a href=\"https:\/\/www.weland.com\/sv\/foretaget\/hallbarhet\/\" data-type=\"page\" data-id=\"19808\">H\u00e4r kan du l\u00e4sa mer om v\u00e5rt arbete inom h\u00e5llbarhet.<\/a><\/p>\n\n\n\n<hr class=\"wp-block-separator has-css-opacity is-style-wide\"\/>\n\n\n\n<h2 class=\"wp-block-heading\">Kvalitetspolicy<\/h2>\n\n\n\n<p>Weland AB \u00e4r en unik industri. H\u00f6g investeringstakt, vilja att st\u00e4ndigt f\u00f6rb\u00e4ttras och utvecklas \u00e4r viktigt f\u00f6r Weland.&nbsp;<br>V\u00e5r styrka och konkurrenskraft \u00e4r att tillfredsst\u00e4lla kunden genom att leverera produkter med r\u00e4tt kvalit\u00e9, i r\u00e4tt tid och till r\u00e4tt pris, f\u00f6r att ge oss och kunden b\u00e4sta totalekonomi.<\/p>\n\n\n\n<p><strong>Grundpelare f\u00f6r kvalitetsarbetet:<\/strong><\/p>\n\n\n\n<ul class=\"wp-block-list\">\n<li>Varje leverans ska utg\u00f6ra en rekommendation f\u00f6r kommande aff\u00e4r.<\/li>\n\n\n\n<li>\u00d6verenskomna leveranstider ska h\u00e5llas.<\/li>\n\n\n\n<li>Interna kvalitetsbristkostnader ska \u00e5tg\u00e4rdas.<\/li>\n\n\n\n<li>Basera \u00e5tg\u00e4rder p\u00e5 fakta, p\u00e5 en helhetssyn p\u00e5 verksamheten och med ett l\u00e5ngsiktigt perspektiv.<\/li>\n\n\n\n<li>Vi ska uppfylla krav som st\u00e4lls p\u00e5 oss.<\/li>\n\n\n\n<li>Arbeta f\u00f6r en st\u00e4ndigt f\u00f6rb\u00e4ttrad kvalitet.<\/li>\n<\/ul>\n\n\n\n<hr class=\"wp-block-separator has-css-opacity is-style-wide\"\/>\n\n\n\n<h2 class=\"wp-block-heading\">Milj\u00f6varudeklaration (EPD)<\/h2>\n\n\n\n<p>Som ett led i v\u00e5rt h\u00e5llbarhetsarbete har vi EPD-certifierat v\u00e5ra varmf\u00f6rzinkade st\u00e5lprodukter. Ett arbete som har genomf\u00f6rts av en oberoende tredjepart och d\u00e4r resultatet har mynnat ut i en milj\u00f6varudeklaration (EPD). H\u00e4r har respektive produktgrupps totala avtryck p\u00e5 milj\u00f6n sammanfattats vilket underl\u00e4ttar arbetet f\u00f6r byggsektorn som redan i projekteringsfasen kan lokalisera likv\u00e4rdiga produkter, j\u00e4mf\u00f6ra de med varandra och aktivt v\u00e4lja den som har l\u00e4gst milj\u00f6p\u00e5verkan.<\/p>\n\n\n\n<p>F\u00f6r det st\u00e4lls allt h\u00f6gre h\u00e5llbarhetskrav p\u00e5 byggbranschen och p\u00e5 oss som \u00e4r leverant\u00f6rer till den. Gr\u00f6na fastigheter och smarta st\u00e4der \u00e4r en realitet som b\u00f6rjar ta form, och f\u00f6r byggsektorn \u00e4r det viktigt att kunna visa vilken milj\u00f6p\u00e5verkan en byggnad har under sin livstid. Att vi EPD-certifierar v\u00e5ra produkter skapar transparens och hj\u00e4lper v\u00e5ra kunder till att aktivt g\u00f6ra fler klimatsmarta val.<\/p>\n\n\n\n<p>V\u00e5rt certifikat hittar du l\u00e4ngst ner p\u00e5 sidan.<br><a href=\"https:\/\/www.weland.com\/sv\/kontakt\/\" target=\"_blank\" data-type=\"URL\" data-id=\"https:\/\/www.weland.com\/sv\/kontakt\/\" rel=\"noreferrer noopener\">Kontakta g\u00e4rna v\u00e5ra kunniga s\u00e4ljare f\u00f6r information om vikter p\u00e5 v\u00e5ra varmf\u00f6rzinkade produkter.<\/a><\/p>\n\n\n\n<h4 class=\"wp-block-heading\">Vad \u00e4r EPD?<\/h4>\n\n\n\n<p>En milj\u00f6varudeklaration f\u00f6r en byggprodukt beskriver produktens milj\u00f6p\u00e5verkan ur hela dess livscykel. Dessa indata anv\u00e4nds som underlag f\u00f6r en livscykelanalys (LCA) f\u00f6r byggnader. F\u00f6rkortningen EPD kommer fr\u00e5n det engelska begreppet f\u00f6r milj\u00f6varudeklaration \u2013 environmental product declaration.<\/p>\n\n\n\n<hr class=\"wp-block-separator has-css-opacity is-style-wide\"\/>\n\n\n\n<h2 class=\"wp-block-heading\">Milj\u00f6policy<\/h2>\n\n\n\n<p>Produktion st\u00e5r i centrum p\u00e5 Weland AB och \u00e4r f\u00f6r oss f\u00f6renligt med ett bra milj\u00f6t\u00e4nk. Vi n\u00e5r ett effektivt milj\u00f6arbete genom att st\u00e4ndigt utveckla v\u00e5ra produktionsprocesser f\u00f6r ett b\u00e4ttre material- och energiutnyttjande. Weland AB ska str\u00e4va efter att minimera p\u00e5verkan p\u00e5 milj\u00f6n f\u00f6r en h\u00e5llbar utveckling. Milj\u00f6arbetet ska ge Weland AB marknadsm\u00e4ssiga och ekonomiska f\u00f6rdelar och kunden ska se oss som ett milj\u00f6m\u00e4ssigt riktigt alternativ.<\/p>\n\n\n\n<p><strong>Grundpelare f\u00f6r milj\u00f6arbetet:<\/strong><\/p>\n\n\n\n<ul class=\"wp-block-list\">\n<li>Hush\u00e5lla med energi och naturresurser.<\/li>\n\n\n\n<li>Restavfallen ska minimeras, k\u00e4llsorteras och i m\u00f6jligaste m\u00e5n \u00e5tervinnas.<\/li>\n\n\n\n<li>Klara eller \u00f6vertr\u00e4ffa milj\u00f6kraven i lagar och f\u00f6rordningar samt f\u00f6lja \u00f6vriga krav som vi ber\u00f6rs av.<\/li>\n\n\n\n<li>F\u00f6rebygga milj\u00f6risker.<\/li>\n\n\n\n<li>Anv\u00e4nda modern teknik.<\/li>\n<\/ul>\n\n\n\n<section id=\"documentation\">\n\t<div class=\"jumbotron\">\n\t\t<div class=\"row\">\n\t\t\t<div class=\"col-12\">\n\t\t\t\t<h3>Dokumentation<\/h3>\n\t\t\t\t<hr>\n\t\t\t\t<div id=\"dok-335\" class=\"row scale\">\n\t\t\t\t\t<div class=\"col-sm-7 doc\"> <i class=\"fal fa-file-alt fa-2x\"><\/i>\n\t\t\t\t\t\t<p>Kvalitetspolicy<\/p>\n\t\t\t\t\t<\/div>\n\t\t\t\t\t<div class=\"col-sm-5\"> <a href=\"https:\/\/www.weland.com\/wp-content\/uploads\/2020\/09\/kvalitetspolicy_sv-se-1.pdf\" class=\"btn btn-weland-black btn-block downloadBtn\" target=\"_blank\" rel=\"noopener\">\u00d6ppna<\/a> <\/div>\n\t\t\t\t<\/div>\n\t\t\t\t<hr>\n\t\t\t\t<div id=\"dok-335\" class=\"row scale\">\n\t\t\t\t\t<div class=\"col-sm-7 doc\"> <i class=\"fal fa-file-alt fa-2x\"><\/i>\n\t\t\t\t\t\t<p>Milj\u00f6policy<\/p>\n\t\t\t\t\t<\/div>\n\t\t\t\t\t\t<div class=\"col-sm-5\"> <a href=\"https:\/\/www.weland.com\/wp-content\/uploads\/2020\/09\/miljopolicy.pdf\" class=\"btn btn-weland-black btn-block downloadBtn\" target=\"_blank\" rel=\"noopener\">\u00d6ppna<\/a> <\/div>\n\t\t\t\t\t<\/div>\n\t\t\t\t\t<hr>\n\t\t\t\t<div id=\"dok-16957\" class=\"row scale\">\n\t\t\t\t\t<div class=\"col-sm-7 doc\"> <i class=\"fal fa-file-alt fa-2x\"><\/i>\n\t\t\t\t\t\t<p>Milj\u00f6varudeklaration (EPD) Spiraltrappa JOS<\/p>\n\t\t\t\t\t<\/div>\n\t\t\t\t\t<div class=\"col-sm-5\"> <a href=\"https:\/\/www.flipsnack.com\/industrireklam\/miljovarudeklaration-epd-spiraltrappa-jos-weland-ab\/full-view.html\" class=\"btn btn-weland-black btn-block downloadBtn\" target=\"_blank\" rel=\"noopener\">Visa<\/a> <\/div>\n\t\t\t\t<\/div>\n\t\t\t\t<hr>\n\t\t\t\t<div id=\"dok-16957\" class=\"row scale\">\n\t\t\t\t\t<div class=\"col-sm-7 doc\"> <i class=\"fal fa-file-alt fa-2x\"><\/i>\n\t\t\t\t\t\t<p>Milj\u00f6varudeklaration (EPD) Varmf\u00f6rzinkade produkter<\/p>\n\t\t\t\t\t<\/div>\n\t\t\t\t\t<div class=\"col-sm-5\"> <a href=\"https:\/\/www.flipsnack.com\/industrireklam\/miljovarudeklaration-epd-weland-ab\/full-view.html\" class=\"btn btn-weland-black btn-block downloadBtn\" target=\"_blank\" rel=\"noopener\">Visa<\/a> <\/div>\n\t\t\t\t<\/div>\n\t\t\t\t<hr>\n\t\t\t\t<div id=\"dok-16957\" class=\"row scale\">\n\t\t\t\t\t<div class=\"col-sm-7 doc\"> <i class=\"fal fa-file-alt fa-2x\"><\/i>\n\t\t\t\t\t\t<p>Milj\u00f6varudeklaration (EPD) viktlista<\/p>\n\t\t\t\t\t<\/div>\n\t\t\t\t\t<div class=\"col-sm-5\"> <a href=\"https:\/\/www.weland.com\/wp-content\/uploads\/2024\/04\/miljoevarudeklaration-epd-viktlista.pdf\" class=\"btn btn-weland-black btn-block downloadBtn\" target=\"_blank\" rel=\"noopener\">\u00d6ppna<\/a> <\/div>\n\t\t\t\t<\/div>\n\t\t\t<\/div>\n\t\t<\/div>\n\t<\/div>\n<\/section>\n\n\n    \n\n    \n\n    <\/div>\n<\/div>\n","protected":false},"excerpt":{"rendered":"<p>Kvalitet, erfarenhet, kunnande och milj\u00f6t\u00e4nk har st\u00e4rkt v\u00e5r verksamhet och gjort oss framg\u00e5ngsrika. Med starkt h\u00e5llbarhetsfokus och egen rationell tillverkning ska kunden se oss som en l\u00e5ngsiktig och milj\u00f6v\u00e4nlig leverant\u00f6r.<\/p>\n","protected":false},"author":1,"featured_media":0,"parent":3253,"menu_order":1,"comment_status":"closed","ping_status":"closed","template":"","meta":{"_acf_changed":false,"inline_featured_image":false,"footnotes":""},"class_list":["post-4707","page","type-page","status-publish","hentry"],"acf":[],"featured_image_src":null,"_links":{"self":[{"href":"https:\/\/www.weland.com\/sv\/wp-json\/wp\/v2\/pages\/4707","targetHints":{"allow":["GET"]}}],"collection":[{"href":"https:\/\/www.weland.com\/sv\/wp-json\/wp\/v2\/pages"}],"about":[{"href":"https:\/\/www.weland.com\/sv\/wp-json\/wp\/v2\/types\/page"}],"author":[{"embeddable":true,"href":"https:\/\/www.weland.com\/sv\/wp-json\/wp\/v2\/users\/1"}],"replies":[{"embeddable":true,"href":"https:\/\/www.weland.com\/sv\/wp-json\/wp\/v2\/comments?post=4707"}],"version-history":[{"count":32,"href":"https:\/\/www.weland.com\/sv\/wp-json\/wp\/v2\/pages\/4707\/revisions"}],"predecessor-version":[{"id":28932,"href":"https:\/\/www.weland.com\/sv\/wp-json\/wp\/v2\/pages\/4707\/revisions\/28932"}],"up":[{"embeddable":true,"href":"https:\/\/www.weland.com\/sv\/wp-json\/wp\/v2\/pages\/3253"}],"wp:attachment":[{"href":"https:\/\/www.weland.com\/sv\/wp-json\/wp\/v2\/media?parent=4707"}],"curies":[{"name":"wp","href":"https:\/\/api.w.org\/{rel}","templated":true}]}}